{"id":529,"date":"2026-05-12T16:27:25","date_gmt":"2026-05-12T16:27:25","guid":{"rendered":"https:\/\/archpose.bszserver.ch\/?page_id=529"},"modified":"2026-07-16T07:48:08","modified_gmt":"2026-07-16T07:48:08","slug":"ueber-uns","status":"publish","type":"page","link":"https:\/\/archpose.bszserver.ch\/it\/ueber-uns\/","title":{"rendered":"Chi Siamo"},"content":{"rendered":"<p>[et_pb_section fb_built=&#8220;1&#8243; _builder_version=&#8220;4.27.6&#8243; _module_preset=&#8220;default&#8220; background_image=&#8220;https:\/\/archpose.bszserver.ch\/wp-content\/uploads\/2026\/05\/architekt_architekten_poltera_engadin_29-1200&#215;517.jpg.jpeg&#8220; height=&#8220;720px&#8220; height_tablet=&#8220;759px&#8220; height_phone=&#8220;612px&#8220; height_last_edited=&#8220;on|phone&#8220; global_colors_info=&#8220;{}&#8220;][et_pb_row _builder_version=&#8220;4.27.6&#8243; _module_preset=&#8220;default&#8220; width_tablet=&#8220;&#8220; width_phone=&#8220;95%&#8220; width_last_edited=&#8220;on|phone&#8220; max_width_tablet=&#8220;&#8220; max_width_phone=&#8220;100%&#8220; max_width_last_edited=&#8220;on|phone&#8220; height_tablet=&#8220;&#8220; height_phone=&#8220;&#8220; height_last_edited=&#8220;on|phone&#8220; global_colors_info=&#8220;{}&#8220;][et_pb_column type=&#8220;4_4&#8243; _builder_version=&#8220;4.27.6&#8243; _module_preset=&#8220;default&#8220; global_colors_info=&#8220;{}&#8220;][et_pb_text _builder_version=&#8220;4.27.6&#8243; _module_preset=&#8220;default&#8220; text_font_size=&#8220;15px&#8220; header_text_align=&#8220;center&#8220; header_text_color=&#8220;#FFFFFF&#8220; header_font_size=&#8220;98px&#8220; custom_padding=&#8220;205px||||false|false&#8220; custom_padding_tablet=&#8220;35px||||false|false&#8220; custom_padding_phone=&#8220;35px||||false|false&#8220; custom_padding_last_edited=&#8220;on|desktop&#8220; text_font_size_tablet=&#8220;15px&#8220; text_font_size_phone=&#8220;15px&#8220; text_font_size_last_edited=&#8220;on|desktop&#8220; header_font_size_tablet=&#8220;82px&#8220; header_font_size_phone=&#8220;65px&#8220; header_font_size_last_edited=&#8220;on|desktop&#8220; locked=&#8220;off&#8220; global_colors_info=&#8220;{}&#8220;]<\/p>\n<h1>Verwurzelt<\/h1>\n<h1><em><span class=\"special-color-text\">im Engadin.<\/span><\/em><\/h1>\n<p>[\/et_pb_text][et_pb_text _builder_version=&#8220;4.27.6&#8243; _module_preset=&#8220;default&#8220; text_text_color=&#8220;#FFFFFF&#8220; text_font_size=&#8220;30px&#8220; text_line_height=&#8220;1.1em&#8220; text_orientation=&#8220;center&#8220; width=&#8220;86%&#8220; width_tablet=&#8220;86%&#8220; width_phone=&#8220;86%&#8220; width_last_edited=&#8220;on|desktop&#8220; module_alignment=&#8220;center&#8220; text_font_size_tablet=&#8220;30px&#8220; text_font_size_phone=&#8220;25px&#8220; text_font_size_last_edited=&#8220;on|desktop&#8220; text_line_height_tablet=&#8220;1.1em&#8220; text_line_height_phone=&#8220;1.1em&#8220; text_line_height_last_edited=&#8220;on|desktop&#8220; locked=&#8220;off&#8220; global_colors_info=&#8220;{}&#8220;]<\/p>\n<p>Unsere Architektur entsteht aus Landschaft,<br \/>Material und der Ruhe der Alpen.<\/p>\n<p>[\/et_pb_text][\/et_pb_column][\/et_pb_row][\/et_pb_section][et_pb_section fb_built=&#8220;1&#8243; custom_padding_last_edited=&#8220;on|desktop&#8220; module_id=&#8220;projekte&#8220; _builder_version=&#8220;4.27.6&#8243; _module_preset=&#8220;default&#8220; custom_padding=&#8220;||||false|false&#8220; custom_padding_tablet=&#8220;74px||||false|false&#8220; custom_padding_phone=&#8220;24px||||false|false&#8220; global_colors_info=&#8220;{}&#8220;][et_pb_row custom_padding_last_edited=&#8220;on|phone&#8220; _builder_version=&#8220;4.27.6&#8243; _module_preset=&#8220;default&#8220; width=&#8220;75%&#8220; width_tablet=&#8220;&#8220; width_phone=&#8220;95%&#8220; width_last_edited=&#8220;on|phone&#8220; max_width=&#8220;100%&#8220; max_width_tablet=&#8220;&#8220; max_width_phone=&#8220;100%&#8220; max_width_last_edited=&#8220;on|phone&#8220; custom_margin_tablet=&#8220;&#8220; custom_margin_phone=&#8220;||0px||false|false&#8220; custom_margin_last_edited=&#8220;on|phone&#8220; custom_padding=&#8220;90px||||false|false&#8220; custom_padding_tablet=&#8220;&#8220; custom_padding_phone=&#8220;0px||0px||false|false&#8220; locked=&#8220;off&#8220; global_colors_info=&#8220;{}&#8220;][et_pb_column type=&#8220;4_4&#8243; _builder_version=&#8220;4.23.4&#8243; _module_preset=&#8220;default&#8220; global_colors_info=&#8220;{}&#8220;][et_pb_text _builder_version=&#8220;4.27.6&#8243; _module_preset=&#8220;default&#8220; header_3_text_color=&#8220;gcid-74c553e5-2c4f-4599-b260-d7c25b8345ec&#8220; global_colors_info=&#8220;{%22gcid-74c553e5-2c4f-4599-b260-d7c25b8345ec%22:%91%22header_3_text_color%22,%22header_3_text_color%22%93}&#8220;]<\/p>\n<h3>PORTRAIT<\/h3>\n<p>[\/et_pb_text][\/et_pb_column][\/et_pb_row][et_pb_row _builder_version=&#8220;4.27.6&#8243; _module_preset=&#8220;default&#8220; width=&#8220;75%&#8220; width_tablet=&#8220;80%&#8220; width_phone=&#8220;95%&#8220; width_last_edited=&#8220;on|desktop&#8220; max_width=&#8220;100%&#8220; max_width_tablet=&#8220;100%&#8220; max_width_phone=&#8220;100%&#8220; max_width_last_edited=&#8220;on|desktop&#8220; module_alignment=&#8220;center&#8220; module_alignment_tablet=&#8220;center&#8220; module_alignment_phone=&#8220;center&#8220; module_alignment_last_edited=&#8220;on|desktop&#8220; global_colors_info=&#8220;{}&#8220;][et_pb_column type=&#8220;4_4&#8243; _builder_version=&#8220;4.27.6&#8243; _module_preset=&#8220;default&#8220; global_colors_info=&#8220;{}&#8220;][et_pb_text _builder_version=&#8220;4.27.6&#8243; _module_preset=&#8220;default&#8220; header_2_font_size=&#8220;81px&#8220; custom_margin_tablet=&#8220;&#8220; custom_margin_phone=&#8220;||0px||false|false&#8220; custom_margin_last_edited=&#8220;on|phone&#8220; custom_padding_tablet=&#8220;&#8220; custom_padding_phone=&#8220;0px||||false|false&#8220; custom_padding_last_edited=&#8220;on|phone&#8220; hover_enabled=&#8220;0&#8243; header_2_font_size_tablet=&#8220;81px&#8220; header_2_font_size_phone=&#8220;56px&#8220; header_2_font_size_last_edited=&#8220;on|desktop&#8220; global_colors_info=&#8220;{}&#8220; sticky_enabled=&#8220;0&#8243;]<\/p>\n<h2 class=\"text-5xl md:text-7xl font-serif text-[#2a2420] leading-none mb-4\">\u00dcber uns<\/h2>\n<p>[\/et_pb_text][et_pb_text _builder_version=&#8220;4.27.6&#8243; _module_preset=&#8220;default&#8220; custom_padding_tablet=&#8220;&#8220; custom_padding_phone=&#8220;0px||||false|false&#8220; custom_padding_last_edited=&#8220;on|phone&#8220; global_colors_info=&#8220;{}&#8220;]<\/p>\n<p>1979 wurde das Architekturb\u00fcro von Mario Poltera gegr\u00fcndet. In Zusammenarbeit mit der Bauherrschaft werden R\u00e4ume der verschiedensten Raumprogramme gestaltet, umgebaut, saniert, an- und neugebaut.<\/p>\n<p>Bei s\u00e4mtlichen Projektst\u00e4nden unterst\u00fctzen wir Sie als Bauherren, begleiten oder vertreten Sie.<\/p>\n<p>Seit der Gr\u00fcndung bilden wir Lehrlinge aus und begleiten diese w\u00e4hrend ihrer 4-j\u00e4hrigen Ausbildung bis zum Abschluss EFZ in Fachrichtung Architektur.<\/p>\n<p>Langj\u00e4hrige, engagierte Mitarbeiter bilden den Kern unseres Teams, die bei regelm\u00e4ssigen Weiterbildungen ihr Fachwissen vertiefen und erweitern.<\/p>\n<p>Der famili\u00e4re und respektvolle Umgang im Architekturb\u00fcro spiegelt sich in unseren Aktivit\u00e4ten wider, die meist von den einzelnen Familienmitgliedern begleitet werden.<\/p>\n<p>Wir sind in der Region verankert, und freuen uns, mit einheimischen Fachkr\u00e4ften f\u00fcr Einheimische und G\u00e4ste wirken zu k\u00f6nnen.<\/p>\n<p>Gesch\u00e4tzte Fachplaner, Unternehmer, Bauherren und Freunde: Herzlichen Dank f\u00fcr die Zusammenarbeit und Treue.<\/p>\n<p>[\/et_pb_text][\/et_pb_column][\/et_pb_row][et_pb_row _builder_version=&#8220;4.27.6&#8243; _module_preset=&#8220;default&#8220; width_last_edited=&#8220;on|desktop&#8220; width=&#8220;100%&#8220; max_width=&#8220;100%&#8220; background_color=&#8220;#f9f9ed&#8220; hover_enabled=&#8220;0&#8243; sticky_enabled=&#8220;0&#8243; column_structure=&#8220;2_5,3_5&#8243; use_custom_gutter=&#8220;on&#8220; gutter_width=&#8220;1&#8243; width_tablet=&#8220;100%&#8220; width_phone=&#8220;100%&#8220;][et_pb_column _builder_version=&#8220;4.27.6&#8243; _module_preset=&#8220;default&#8220; type=&#8220;2_5&#8243;][et_pb_text _builder_version=&#8220;4.27.6&#8243; _module_preset=&#8220;default&#8220; header_4_font=&#8220;|||on|||||&#8220; global_colors_info=&#8220;{%22gcid-primary-color%22:%91%22header_4_text_color%22,%22border_color_right%22%93}&#8220; header_4_text_color=&#8220;gcid-primary-color&#8220; header_4_font_size_last_edited=&#8220;on|desktop&#8220; header_4_font_size=&#8220;24px&#8220; custom_padding_last_edited=&#8220;on|desktop&#8220; custom_padding=&#8220;25px|||212px|false|false&#8220; border_width_right_last_edited=&#8220;on|desktop&#8220; hover_enabled=&#8220;0&#8243; sticky_enabled=&#8220;0&#8243; header_4_font_size_tablet=&#8220;24px&#8220; header_4_font_size_phone=&#8220;24px&#8220; custom_padding_tablet=&#8220;25px|||212px|false|false&#8220; custom_padding_phone=&#8220;25px|||212px|false|false&#8220;]<\/p>\n<h4>Karriere<\/h4>\n<p>[\/et_pb_text][\/et_pb_column][et_pb_column _builder_version=&#8220;4.27.6&#8243; _module_preset=&#8220;default&#8220; type=&#8220;3_5&#8243;][et_pb_text _builder_version=&#8220;4.27.6&#8243; _module_preset=&#8220;default&#8220; header_3_font_last_edited=&#8220;on|desktop&#8220; hover_enabled=&#8220;0&#8243; sticky_enabled=&#8220;0&#8243; header_3_font_size_last_edited=&#8220;on|desktop&#8220; header_3_font_size=&#8220;35px&#8220; width_last_edited=&#8220;on|desktop&#8220; width=&#8220;70%&#8220; custom_padding_last_edited=&#8220;on|desktop&#8220; custom_padding=&#8220;26px|||44px|false|false&#8220; border_width_left=&#8220;1px&#8220; global_colors_info=&#8220;{%22gcid-primary-color%22:%91%22border_color_left%22%93}&#8220; border_color_left=&#8220;gcid-primary-color&#8220; header_3_font_size_tablet=&#8220;35px&#8220; header_3_font_size_phone=&#8220;35px&#8220; width_tablet=&#8220;70%&#8220; width_phone=&#8220;70%&#8220; custom_padding_tablet=&#8220;26px|||44px|false|false&#8220; custom_padding_phone=&#8220;26px|||44px|false|false&#8220;]<\/p>\n<h3>Unser Team ist komplett.<\/h3>\n<p><\/br><br \/>\nZurzeit haben wir keine offene Stelle zu besetzen. Wir freuen uns jedoch \u00fcber Ihr Interesse an unserem Architekturb\u00fcro.<\/p>\n<p>&nbsp;[\/et_pb_text][\/et_pb_column][\/et_pb_row][\/et_pb_section][et_pb_section fb_built=&#8220;1&#8243; _builder_version=&#8220;4.27.6&#8243; _module_preset=&#8220;default&#8220; global_colors_info=&#8220;{}&#8220;][et_pb_row column_structure=&#8220;1_3,1_3,1_3&#8243; _builder_version=&#8220;4.27.6&#8243; _module_preset=&#8220;default&#8220; width=&#8220;75%&#8220; width_tablet=&#8220;90%&#8220; width_phone=&#8220;90%&#8220; width_last_edited=&#8220;on|desktop&#8220; max_width=&#8220;100%&#8220; module_alignment_tablet=&#8220;&#8220; module_alignment_phone=&#8220;center&#8220; module_alignment_last_edited=&#8220;on|phone&#8220; global_colors_info=&#8220;{}&#8220;][et_pb_column type=&#8220;1_3&#8243; _builder_version=&#8220;4.27.6&#8243; _module_preset=&#8220;default&#8220; global_colors_info=&#8220;{}&#8220;][dsm_card title=&#8220;Mario Poltera&#8220; subtitle=&#8220;Architekt&#8220; content_horizontal_alignment=&#8220;flex-start&#8220; image=&#8220;https:\/\/archpose.bszserver.ch\/wp-content\/uploads\/2026\/05\/archpose_team_mario_poltera-1-530&#215;600.jpg.jpeg&#8220; image_background_height=&#8220;350px&#8220; image_background_size=&#8220;contain&#8220; image_width=&#8220;95%&#8220; button_url_new_window=&#8220;1&#8243; layout_inline_image_width_tablet=&#8220;&#8220; layout_inline_image_width_phone=&#8220;&#8220; layout_inline_image_width_last_edited=&#8220;on|desktop&#8220; equal_height_image_height_tablet=&#8220;&#8220; equal_height_image_height_phone=&#8220;&#8220; equal_height_image_height_last_edited=&#8220;on|desktop&#8220; image_background_height_tablet=&#8220;350px&#8220; image_background_height_phone=&#8220;350px&#8220; image_background_height_last_edited=&#8220;on|desktop&#8220; image_width_tablet=&#8220;95%&#8220; image_width_phone=&#8220;95%&#8220; image_width_last_edited=&#8220;on|desktop&#8220; image_alignment_tablet=&#8220;&#8220; image_alignment_phone=&#8220;center&#8220; image_alignment_last_edited=&#8220;on|phone&#8220; module_class=&#8220;popmake-945&#8243; _builder_version=&#8220;4.27.6&#8243; _module_preset=&#8220;default&#8220; header_text_align_tablet=&#8220;center&#8220; header_text_align_phone=&#8220;center&#8220; header_text_align_last_edited=&#8220;on|tablet&#8220; body_text_align_tablet=&#8220;center&#8220; body_text_align_phone=&#8220;center&#8220; body_text_align_last_edited=&#8220;on|tablet&#8220; subhead_text_align_tablet=&#8220;center&#8220; subhead_text_align_phone=&#8220;center&#8220; subhead_text_align_last_edited=&#8220;on|tablet&#8220; global_colors_info=&#8220;{}&#8220;]<\/p>\n<p><span>T:<\/span><span>\u00a0<\/span><a href=\"tel:081 833 00 66\">081 833 00 66<\/a><br \/><span>M:<\/span><span>\u00a0<\/span><a href=\"mailto:poltera@archpose.ch\">poltera@archpose.ch<\/a><\/p>\n<p>[\/dsm_card][dsm_card title=&#8220;Gabriele Della Morte&#8220; subtitle=&#8220;Hochbauzeichner&#8220; content_horizontal_alignment=&#8220;flex-start&#8220; image=&#8220;https:\/\/archpose.bszserver.ch\/wp-content\/uploads\/2026\/05\/IMG_E38791-1-576&#215;600.jpg.jpeg&#8220; image_background_height=&#8220;350px&#8220; image_background_size=&#8220;contain&#8220; image_width=&#8220;95%&#8220; button_url_new_window=&#8220;1&#8243; layout_inline_image_width_tablet=&#8220;&#8220; layout_inline_image_width_phone=&#8220;&#8220; layout_inline_image_width_last_edited=&#8220;on|desktop&#8220; equal_height_image_height_tablet=&#8220;&#8220; equal_height_image_height_phone=&#8220;&#8220; equal_height_image_height_last_edited=&#8220;on|desktop&#8220; image_background_height_tablet=&#8220;350px&#8220; image_background_height_phone=&#8220;350px&#8220; image_background_height_last_edited=&#8220;on|desktop&#8220; image_width_tablet=&#8220;95%&#8220; image_width_phone=&#8220;95%&#8220; image_width_last_edited=&#8220;on|desktop&#8220; image_alignment_tablet=&#8220;&#8220; image_alignment_phone=&#8220;center&#8220; image_alignment_last_edited=&#8220;on|phone&#8220; module_class=&#8220;popmake-1017&#8243; _builder_version=&#8220;4.27.6&#8243; _module_preset=&#8220;default&#8220; header_text_align_tablet=&#8220;center&#8220; header_text_align_phone=&#8220;center&#8220; header_text_align_last_edited=&#8220;on|tablet&#8220; body_text_align_tablet=&#8220;center&#8220; body_text_align_phone=&#8220;center&#8220; body_text_align_last_edited=&#8220;on|tablet&#8220; subhead_text_align_tablet=&#8220;center&#8220; subhead_text_align_phone=&#8220;center&#8220; subhead_text_align_last_edited=&#8220;on|tablet&#8220; text_orientation_tablet=&#8220;center&#8220; text_orientation_phone=&#8220;center&#8220; text_orientation_last_edited=&#8220;on|tablet&#8220; global_colors_info=&#8220;{}&#8220;]<\/p>\n<p><span>T:<\/span><span>\u00a0<\/span><a href=\"tel:081 833 00 73\">081 833 00 73<\/a><br \/><span>M:<\/span><span>\u00a0<\/span><a href=\"mailto:dellamorte@archpose.ch\">dellamorte@archpose.ch<\/a><\/p>\n<p>[\/dsm_card][\/et_pb_column][et_pb_column type=&#8220;1_3&#8243; _builder_version=&#8220;4.27.6&#8243; _module_preset=&#8220;default&#8220; global_colors_info=&#8220;{}&#8220;][dsm_card title=&#8220;Seraina Poltera&#8220; subtitle=&#8220;Architektin ETH SIA&#8220; image=&#8220;https:\/\/archpose.bszserver.ch\/wp-content\/uploads\/2026\/05\/Kein-Titel-530-x-600-px-3.png&#8220; image_background_height=&#8220;350px&#8220; image_background_size=&#8220;contain&#8220; button_url_new_window=&#8220;1&#8243; image_background_height_tablet=&#8220;350px&#8220; image_background_height_phone=&#8220;350px&#8220; image_background_height_last_edited=&#8220;on|desktop&#8220; image_alignment_tablet=&#8220;&#8220; image_alignment_phone=&#8220;center&#8220; image_alignment_last_edited=&#8220;on|phone&#8220; module_class=&#8220;popmake-954&#8243; _builder_version=&#8220;4.27.6&#8243; _module_preset=&#8220;default&#8220; header_text_align_tablet=&#8220;center&#8220; header_text_align_phone=&#8220;center&#8220; header_text_align_last_edited=&#8220;on|tablet&#8220; body_text_align_tablet=&#8220;center&#8220; body_text_align_phone=&#8220;center&#8220; body_text_align_last_edited=&#8220;on|tablet&#8220; subhead_text_align_tablet=&#8220;center&#8220; subhead_text_align_phone=&#8220;center&#8220; subhead_text_align_last_edited=&#8220;on|tablet&#8220; global_colors_info=&#8220;{}&#8220;]<\/p>\n<div class=\"team-descr-top\">\n<p><span>T:<\/span><span>\u00a0<\/span><a href=\"tel:081 833 00 67\">081 833 00 67<\/a><br \/><span>M:<\/span><span>\u00a0<\/span><a href=\"mailto:poltera@archpose.ch\">poltera@archpose.ch<\/a><\/p>\n<\/div>\n<p>[\/dsm_card][dsm_card title=&#8220;Eleonora Lanfranchi&#8220; subtitle=&#8220;Lernende&#8220; image=&#8220;https:\/\/archpose.bszserver.ch\/wp-content\/uploads\/2026\/05\/IMG_E38871-3-561&#215;600.jpg.jpeg&#8220; image_background_height=&#8220;350px&#8220; image_background_size=&#8220;contain&#8220; button_url_new_window=&#8220;1&#8243; image_background_height_tablet=&#8220;350px&#8220; image_background_height_phone=&#8220;350px&#8220; image_background_height_last_edited=&#8220;on|desktop&#8220; module_class=&#8220;popmake-1006&#8243; _builder_version=&#8220;4.27.6&#8243; _module_preset=&#8220;default&#8220; header_text_align_tablet=&#8220;center&#8220; header_text_align_phone=&#8220;center&#8220; header_text_align_last_edited=&#8220;on|tablet&#8220; body_text_align_tablet=&#8220;center&#8220; body_text_align_phone=&#8220;center&#8220; body_text_align_last_edited=&#8220;on|tablet&#8220; subhead_text_align_tablet=&#8220;center&#8220; subhead_text_align_phone=&#8220;center&#8220; subhead_text_align_last_edited=&#8220;on|tablet&#8220; global_colors_info=&#8220;{}&#8220;]<\/p>\n<p><span>T:<\/span><span>\u00a0<\/span><a href=\"tel:081 834 41 09\">081 834 41 09<\/a><br \/><span>M:<\/span><span>\u00a0<\/span><a href=\"mailto:lanfranchi@archpose.ch\">lanfranchi@archpose.ch<\/a><\/p>\n<p>[\/dsm_card][\/et_pb_column][et_pb_column type=&#8220;1_3&#8243; _builder_version=&#8220;4.27.6&#8243; _module_preset=&#8220;default&#8220; global_colors_info=&#8220;{}&#8220;][dsm_card title=&#8220;Lidia Poltera&#8220; subtitle=&#8220;Controlling&#8220; content_horizontal_alignment=&#8220;flex-start&#8220; image=&#8220;https:\/\/archpose.bszserver.ch\/wp-content\/uploads\/2026\/05\/archpose_team_lidia_poltera-1-530&#215;600.jpg.jpeg&#8220; image_background_height=&#8220;350px&#8220; image_background_size=&#8220;contain&#8220; image_width=&#8220;95%&#8220; button_url_new_window=&#8220;1&#8243; layout_inline_image_width_tablet=&#8220;&#8220; layout_inline_image_width_phone=&#8220;&#8220; layout_inline_image_width_last_edited=&#8220;on|desktop&#8220; equal_height_image_height_tablet=&#8220;&#8220; equal_height_image_height_phone=&#8220;&#8220; equal_height_image_height_last_edited=&#8220;on|desktop&#8220; image_background_height_tablet=&#8220;350px&#8220; image_background_height_phone=&#8220;350px&#8220; image_background_height_last_edited=&#8220;on|desktop&#8220; image_width_tablet=&#8220;95%&#8220; image_width_phone=&#8220;95%&#8220; image_width_last_edited=&#8220;on|desktop&#8220; image_alignment_tablet=&#8220;&#8220; image_alignment_phone=&#8220;center&#8220; image_alignment_last_edited=&#8220;on|phone&#8220; module_class=&#8220;popmake-936&#8243; _builder_version=&#8220;4.27.6&#8243; _module_preset=&#8220;default&#8220; header_text_align_tablet=&#8220;center&#8220; header_text_align_phone=&#8220;center&#8220; header_text_align_last_edited=&#8220;on|tablet&#8220; body_text_align_tablet=&#8220;center&#8220; body_text_align_phone=&#8220;center&#8220; body_text_align_last_edited=&#8220;on|tablet&#8220; subhead_text_align_tablet=&#8220;center&#8220; subhead_text_align_phone=&#8220;center&#8220; subhead_text_align_last_edited=&#8220;on|tablet&#8220; global_colors_info=&#8220;{}&#8220;]<\/p>\n<p><span>T:<\/span><span>\u00a0<\/span><a href=\"tel:081 833 00 66\">081 833 00 66<\/a><br \/><span>M:<\/span><span>\u00a0<\/span><a href=\"mailto:info@archpose.ch\">info@archpose.ch<\/a><\/p>\n<p>[\/dsm_card][dsm_card title=&#8220;Philipp Sch\u00fctz&#8220; subtitle=&#8220;Projektleitung und Architekt&#8220; image=&#8220;https:\/\/archpose.bszserver.ch\/wp-content\/uploads\/2026\/05\/IMG_E38841-1-566&#215;600.jpg.jpeg&#8220; image_background_height=&#8220;350px&#8220; image_background_size=&#8220;contain&#8220; image_background_position=&#8220;top&#8220; button_url_new_window=&#8220;1&#8243; image_background_height_tablet=&#8220;350px&#8220; image_background_height_phone=&#8220;350px&#8220; image_background_height_last_edited=&#8220;on|desktop&#8220; module_class=&#8220;popmake-1012&#8243; _builder_version=&#8220;4.27.6&#8243; _module_preset=&#8220;default&#8220; header_text_align_tablet=&#8220;center&#8220; header_text_align_phone=&#8220;center&#8220; header_text_align_last_edited=&#8220;on|tablet&#8220; body_text_align_tablet=&#8220;center&#8220; body_text_align_phone=&#8220;center&#8220; body_text_align_last_edited=&#8220;on|tablet&#8220; subhead_text_align_tablet=&#8220;center&#8220; subhead_text_align_phone=&#8220;center&#8220; subhead_text_align_last_edited=&#8220;on|tablet&#8220; global_colors_info=&#8220;{}&#8220;]<\/p>\n<p><span>T:<\/span><span>\u00a0<\/span><a href=\"tel:081 834 41 08\">081 834 41 08<\/a><br \/><span>M:<\/span><span>\u00a0<\/span><a href=\"mailto:schuetz@archpose.ch\">schuetz@archpose.ch<\/a><\/p>\n<p>[\/dsm_card][\/et_pb_column][\/et_pb_row][\/et_pb_section]<\/p>\n","protected":false},"excerpt":{"rendered":"<p>Verwurzelt im Engadin.Unsere Architektur entsteht aus Landschaft,Material und der Ruhe der Alpen.PORTRAIT\u00dcber uns1979 wurde das Architekturb\u00fcro von Mario Poltera gegr\u00fcndet. In Zusammenarbeit mit der Bauherrschaft werden R\u00e4ume der verschiedensten Raumprogramme gestaltet, umgebaut, saniert, an- und neugebaut. Bei s\u00e4mtlichen Projektst\u00e4nden unterst\u00fctzen wir Sie als Bauherren, begleiten oder vertreten Sie. Seit der Gr\u00fcndung bilden wir Lehrlinge aus und begleiten diese w\u00e4hrend ihrer 4-j\u00e4hrigen Ausbildung bis zum Abschluss EFZ in Fachrichtung Architektur. Langj\u00e4hrige, engagierte Mitarbeiter bilden den Kern unseres Teams, die bei regelm\u00e4ssigen Weiterbildungen ihr Fachwissen vertiefen und erweitern. Der famili\u00e4re und respektvolle Umgang im Architekturb\u00fcro spiegelt sich in unseren Aktivit\u00e4ten wider, die meist von den einzelnen Familienmitgliedern begleitet werden. Wir sind in der Region verankert, und freuen uns, mit einheimischen Fachkr\u00e4ften f\u00fcr Einheimische und G\u00e4ste wirken zu k\u00f6nnen. Gesch\u00e4tzte Fachplaner, Unternehmer, Bauherren und Freunde: Herzlichen Dank f\u00fcr die Zusammenarbeit und Treue.KarriereUnser Team ist komplett. Zurzeit haben wir keine offene Stelle zu besetzen. Wir freuen uns jedoch \u00fcber Ihr Interesse an unserem Architekturb\u00fcro. &nbsp;<div class=\"et_pb_module dsm_card dsm_card_0 popmake-945 et_pb_bg_layout_light  dsm_card_layout_stacked\">\n\t\t\t\t\n\t\t\t\t\n\t\t\t\t\n\t\t\t\t\n\t\t\t\t\n\t\t\t\t\n\t\t\t\t<div class=\"et_pb_module_inner\">\n\t\t\t\t\t\n\t\t\t\n\t\t\t<figure class=\"dsm_card_image_wrapper dsm_card_badge_top_right\"><div class=\"dsm_card_image_background dsm_card_img\"><\/div><\/figure>\n\t\t\t<div class=\"et_pb_module dsm_card_wrapper et_pb_text_align_left\">\n\t\t\t\t\t\n\t\t\t\t\t<h4 class=\"dsm_card_title et_pb_module_header\">Mario Poltera<\/h4>\n\t\t\t\t\t<div class=\"dsm_card_subtitle\">Architekt<\/div>\n\t\t\t\t\t\n\t\t\t\t\t\n\t\t\t\t<\/div>\n\t\t\t\n\t\t\t\t<\/div>\n\t\t\t<\/div>T:\u00a0081 833 00 [&hellip;]<\/p>\n","protected":false},"author":1,"featured_media":0,"parent":0,"menu_order":0,"comment_status":"closed","ping_status":"closed","template":"","meta":{"_et_pb_use_builder":"on","_et_pb_old_content":"","_et_gb_content_width":"","footnotes":""},"class_list":["post-529","page","type-page","status-publish","hentry"],"_links":{"self":[{"href":"https:\/\/archpose.bszserver.ch\/it\/wp-json\/wp\/v2\/pages\/529","targetHints":{"allow":["GET"]}}],"collection":[{"href":"https:\/\/archpose.bszserver.ch\/it\/wp-json\/wp\/v2\/pages"}],"about":[{"href":"https:\/\/archpose.bszserver.ch\/it\/wp-json\/wp\/v2\/types\/page"}],"author":[{"embeddable":true,"href":"https:\/\/archpose.bszserver.ch\/it\/wp-json\/wp\/v2\/users\/1"}],"replies":[{"embeddable":true,"href":"https:\/\/archpose.bszserver.ch\/it\/wp-json\/wp\/v2\/comments?post=529"}],"version-history":[{"count":45,"href":"https:\/\/archpose.bszserver.ch\/it\/wp-json\/wp\/v2\/pages\/529\/revisions"}],"predecessor-version":[{"id":1174,"href":"https:\/\/archpose.bszserver.ch\/it\/wp-json\/wp\/v2\/pages\/529\/revisions\/1174"}],"wp:attachment":[{"href":"https:\/\/archpose.bszserver.ch\/it\/wp-json\/wp\/v2\/media?parent=529"}],"curies":[{"name":"wp","href":"https:\/\/api.w.org\/{rel}","templated":true}]}}