{"id":468,"date":"2026-05-12T13:51:47","date_gmt":"2026-05-12T13:51:47","guid":{"rendered":"https:\/\/archpose.bszserver.ch\/?page_id=468"},"modified":"2026-07-08T14:56:25","modified_gmt":"2026-07-08T14:56:25","slug":"projekt","status":"publish","type":"page","link":"https:\/\/archpose.bszserver.ch\/it\/projekt\/","title":{"rendered":"Projekt"},"content":{"rendered":"<p>[et_pb_section fb_built=&#8220;1&#8243; module_class=&#8220;slow-project-section&#8220; _builder_version=&#8220;4.27.6&#8243; _module_preset=&#8220;default&#8220; use_background_color_gradient=&#8220;on&#8220; background_color_gradient_stops=&#8220;rgba(15,30,50,0.7) 0%|rgba(15,30,50,0.8) 100%&#8220; background_color_gradient_overlays_image=&#8220;on&#8220; background_image=&#8220;https:\/\/archpose.bszserver.ch\/wp-content\/uploads\/2026\/05\/architekt_architekten_poltera_projekte_waldhaus_am_see_15-1200&#215;458-2.jpg&#8220; height=&#8220;720px&#8220; height_tablet=&#8220;720px&#8220; height_phone=&#8220;510px&#8220; height_last_edited=&#8220;on|desktop&#8220; background_last_edited=&#8220;on|desktop&#8220; global_colors_info=&#8220;{}&#8220;][et_pb_row _builder_version=&#8220;4.27.6&#8243; _module_preset=&#8220;default&#8220; width_tablet=&#8220;&#8220; width_phone=&#8220;95%&#8220; width_last_edited=&#8220;on|phone&#8220; max_width_tablet=&#8220;&#8220; max_width_phone=&#8220;100%&#8220; max_width_last_edited=&#8220;on|phone&#8220; height_tablet=&#8220;&#8220; height_phone=&#8220;&#8220; height_last_edited=&#8220;on|phone&#8220; global_colors_info=&#8220;{}&#8220;][et_pb_column type=&#8220;4_4&#8243; _builder_version=&#8220;4.27.6&#8243; _module_preset=&#8220;default&#8220; global_colors_info=&#8220;{}&#8220;][et_pb_text _builder_version=&#8220;4.27.6&#8243; _module_preset=&#8220;default&#8220; text_font_size=&#8220;15px&#8220; header_text_align=&#8220;center&#8220; header_text_color=&#8220;#FFFFFF&#8220; header_font_size=&#8220;98px&#8220; custom_margin_tablet=&#8220;&#8220; custom_margin_phone=&#8220;&#8220; custom_margin_last_edited=&#8220;on|desktop&#8220; custom_padding=&#8220;||||false|false&#8220; custom_padding_tablet=&#8220;35px||||false|false&#8220; custom_padding_phone=&#8220;35px||||false|false&#8220; custom_padding_last_edited=&#8220;on|desktop&#8220; hover_enabled=&#8220;0&#8243; text_font_size_tablet=&#8220;15px&#8220; text_font_size_phone=&#8220;15px&#8220; text_font_size_last_edited=&#8220;on|desktop&#8220; header_font_size_tablet=&#8220;82px&#8220; header_font_size_phone=&#8220;65px&#8220; header_font_size_last_edited=&#8220;on|desktop&#8220; locked=&#8220;off&#8220; global_colors_info=&#8220;{}&#8220; sticky_enabled=&#8220;0&#8243; width_last_edited=&#8220;on|desktop&#8220; width=&#8220;50%&#8220; module_alignment=&#8220;center&#8220; width_tablet=&#8220;50%&#8220; width_phone=&#8220;50%&#8220;]<\/p>\n<h1>Orte mit<\/h1>\n<h1><em><span class=\"special-color-text\">Charakter<\/span><\/em>.<\/h1>\n<p>[\/et_pb_text][et_pb_text _builder_version=&#8220;4.27.6&#8243; _module_preset=&#8220;default&#8220; text_text_color=&#8220;#FFFFFF&#8220; text_font_size=&#8220;30px&#8220; text_line_height=&#8220;1.1em&#8220; text_orientation=&#8220;center&#8220; width=&#8220;86%&#8220; width_tablet=&#8220;86%&#8220; width_phone=&#8220;86%&#8220; width_last_edited=&#8220;on|desktop&#8220; module_alignment=&#8220;center&#8220; custom_margin=&#8220;||||false|false&#8220; custom_margin_tablet=&#8220;60px||||false|false&#8220; custom_margin_phone=&#8220;60px||||false|false&#8220; custom_margin_last_edited=&#8220;on|desktop&#8220; hover_enabled=&#8220;0&#8243; text_font_size_tablet=&#8220;30px&#8220; text_font_size_phone=&#8220;25px&#8220; text_font_size_last_edited=&#8220;on|desktop&#8220; text_line_height_tablet=&#8220;1.1em&#8220; text_line_height_phone=&#8220;1.1em&#8220; text_line_height_last_edited=&#8220;on|desktop&#8220; locked=&#8220;off&#8220; global_colors_info=&#8220;{}&#8220; sticky_enabled=&#8220;0&#8243;]<\/p>\n<p>Architektur zwischen Tradition,<br \/>Materialit\u00e4t und alpiner Ruhe.<\/p>\n<p>[\/et_pb_text][\/et_pb_column][\/et_pb_row][\/et_pb_section][et_pb_section fb_built=&#8220;1&#8243; custom_padding_last_edited=&#8220;on|desktop&#8220; module_id=&#8220;projekte&#8220; _builder_version=&#8220;4.27.6&#8243; _module_preset=&#8220;default&#8220; custom_padding=&#8220;||||false|false&#8220; custom_padding_tablet=&#8220;74px||||false|false&#8220; custom_padding_phone=&#8220;24px||||false|false&#8220; global_colors_info=&#8220;{}&#8220;][et_pb_row custom_padding_last_edited=&#8220;on|phone&#8220; _builder_version=&#8220;4.27.6&#8243; _module_preset=&#8220;default&#8220; width=&#8220;75%&#8220; width_tablet=&#8220;&#8220; width_phone=&#8220;95%&#8220; width_last_edited=&#8220;on|phone&#8220; max_width=&#8220;100%&#8220; max_width_tablet=&#8220;&#8220; max_width_phone=&#8220;100%&#8220; max_width_last_edited=&#8220;on|phone&#8220; custom_padding_tablet=&#8220;&#8220; custom_padding_phone=&#8220;0px||||false|false&#8220; hover_enabled=&#8220;0&#8243; locked=&#8220;off&#8220; global_colors_info=&#8220;{}&#8220; custom_padding=&#8220;80px||||false|false&#8220; sticky_enabled=&#8220;0&#8243;][et_pb_column type=&#8220;4_4&#8243; _builder_version=&#8220;4.23.4&#8243; _module_preset=&#8220;default&#8220; global_colors_info=&#8220;{}&#8220;][et_pb_text _builder_version=&#8220;4.27.6&#8243; _module_preset=&#8220;default&#8220; header_3_text_color=&#8220;gcid-74c553e5-2c4f-4599-b260-d7c25b8345ec&#8220; global_colors_info=&#8220;{%22gcid-74c553e5-2c4f-4599-b260-d7c25b8345ec%22:%91%22header_3_text_color%22%93}&#8220;]<\/p>\n<h3>PROJEKTE<\/h3>\n<p>[\/et_pb_text][\/et_pb_column][\/et_pb_row][et_pb_row _builder_version=&#8220;4.27.6&#8243; _module_preset=&#8220;default&#8220; width=&#8220;75%&#8220; width_tablet=&#8220;&#8220; width_phone=&#8220;95%&#8220; width_last_edited=&#8220;on|phone&#8220; max_width=&#8220;100%&#8220; max_width_tablet=&#8220;&#8220; max_width_phone=&#8220;100%&#8220; max_width_last_edited=&#8220;on|phone&#8220; global_colors_info=&#8220;{}&#8220;][et_pb_column type=&#8220;4_4&#8243; _builder_version=&#8220;4.27.6&#8243; _module_preset=&#8220;default&#8220; global_colors_info=&#8220;{}&#8220;][dsm_card_carousel lazyload=&#8220;on&#8220; centered_slides=&#8220;on&#8220; slide_to_show=&#8220;5&#8243; autoplay=&#8220;off&#8220; _builder_version=&#8220;4.27.6&#8243; _module_preset=&#8220;default&#8220; badge_font_size=&#8220;18px&#8220; header_font=&#8220;|600|||||||&#8220; header_font_size=&#8220;22px&#8220; badge_font_size_tablet=&#8220;16px&#8220; badge_font_size_phone=&#8220;16px&#8220; badge_font_size_last_edited=&#8220;on|desktop&#8220; header_font_size_tablet=&#8220;22px&#8220; header_font_size_phone=&#8220;22px&#8220; header_font_size_last_edited=&#8220;on|desktop&#8220; global_colors_info=&#8220;{}&#8220;][dsm_card_carousel_child module_class=&#8220;popmake-197&#8243; title=&#8220;CHESA MANDALA &#8220; subtitle=&#8220;CELERINA&#8220; image=&#8220;https:\/\/archpose.bszserver.ch\/wp-content\/uploads\/2026\/05\/architekt_architekten_poltera_projekte_chesa_mandala_0-1200&#215;801.jpg.jpeg&#8220; image_background_height=&#8220;360px&#8220; button_url_new_window=&#8220;1&#8243; image_background_height_tablet=&#8220;360px&#8220; image_background_height_phone=&#8220;360px&#8220; image_background_height_last_edited=&#8220;on|desktop&#8220; badge_background_color_tablet=&#8220;&#8220; badge_background_color_phone=&#8220;&#8220; badge_background_color_last_edited=&#8220;on|desktop&#8220; _builder_version=&#8220;4.27.6&#8243; _module_preset=&#8220;default&#8220; badge_text_color=&#8220;gcid-primary-color&#8220; badge_font_size=&#8220;16px&#8220; subhead_text_color=&#8220;gcid-primary-color&#8220; custom_button=&#8220;on&#8220; button_text_size=&#8220;14px&#8220; button_alignment=&#8220;left&#8220; button_custom_margin=&#8220;||||false|false&#8220; button_custom_margin_tablet=&#8220;||||false|false&#8220; button_custom_margin_phone=&#8220;||||false|false&#8220; button_custom_margin_last_edited=&#8220;on|desktop&#8220; button_custom_padding=&#8220;||0px||false|false&#8220; button_custom_padding_tablet=&#8220;||0px||false|false&#8220; button_custom_padding_phone=&#8220;||0px||false|false&#8220; button_custom_padding_last_edited=&#8220;on|desktop&#8220; badge_font_size_tablet=&#8220;16px&#8220; badge_font_size_phone=&#8220;16px&#8220; badge_font_size_last_edited=&#8220;on|desktop&#8220; button_text_size_tablet=&#8220;14px&#8220; button_text_size_phone=&#8220;14px&#8220; button_text_size_last_edited=&#8220;on|desktop&#8220; button_alignment_tablet=&#8220;left&#8220; button_alignment_phone=&#8220;left&#8220; button_alignment_last_edited=&#8220;on|desktop&#8220; global_colors_info=&#8220;{%22gcid-primary-color%22:%91%22badge_text_color%22,%22subhead_text_color%22%93}&#8220; parent_button=&#8220;off&#8220; parent_header_level=&#8220;h4&#8243;]<\/p>\n<div class=\"row\">\n<div class=\"col-lg-6\">\n<p>Die Chesa Mandala ist das erste von sechs H\u00e4usern, die zur \u00dcberbauung \u00abPal\u00fcds suot Crasta\u00bb geh\u00f6rt.<\/p>\n<\/div>\n<\/div>\n<div class=\"row\">\n<div class=\"col-lg-6\">\n<p>Die Bauherrschaft, &#8230;<\/p>\n<\/div>\n<\/div>\n<p>[\/dsm_card_carousel_child][dsm_card_carousel_child module_class=&#8220;popmake-242&#8243; title=&#8220;CHESA ANTICA &#8220; subtitle=&#8220;CELERINA &#8220; image=&#8220;https:\/\/archpose.bszserver.ch\/wp-content\/uploads\/2026\/05\/architekt_architekten_poltera_projekte_chesa_antica_5-600&#215;450.jpg.jpeg&#8220; image_background_height=&#8220;360px&#8220; button_url_new_window=&#8220;1&#8243; image_background_height_tablet=&#8220;360px&#8220; image_background_height_phone=&#8220;360px&#8220; image_background_height_last_edited=&#8220;on|desktop&#8220; _builder_version=&#8220;4.27.6&#8243; _module_preset=&#8220;default&#8220; badge_text_color=&#8220;gcid-primary-color&#8220; badge_font_size=&#8220;16px&#8220; subhead_text_color=&#8220;gcid-primary-color&#8220; custom_button=&#8220;on&#8220; button_text_size=&#8220;14px&#8220; button_alignment=&#8220;left&#8220; button_custom_margin=&#8220;||||false|false&#8220; button_custom_margin_tablet=&#8220;||||false|false&#8220; button_custom_margin_phone=&#8220;||||false|false&#8220; button_custom_margin_last_edited=&#8220;on|desktop&#8220; button_custom_padding=&#8220;||0px||false|false&#8220; button_custom_padding_tablet=&#8220;||0px||false|false&#8220; button_custom_padding_phone=&#8220;||0px||false|false&#8220; button_custom_padding_last_edited=&#8220;on|desktop&#8220; badge_font_size_tablet=&#8220;16px&#8220; badge_font_size_phone=&#8220;16px&#8220; badge_font_size_last_edited=&#8220;on|desktop&#8220; button_text_size_tablet=&#8220;14px&#8220; button_text_size_phone=&#8220;14px&#8220; button_text_size_last_edited=&#8220;on|desktop&#8220; button_alignment_tablet=&#8220;left&#8220; button_alignment_phone=&#8220;left&#8220; button_alignment_last_edited=&#8220;on|desktop&#8220; global_colors_info=&#8220;{%22gcid-primary-color%22:%91%22badge_text_color%22,%22subhead_text_color%22%93}&#8220; parent_button=&#8220;off&#8220; parent_header_level=&#8220;h4&#8243;]<\/p>\n<p><span>Das denkmalgesch\u00fctzte Objekt liegt im alten Dorf Teil Celerina Crasta und stammt aus dem Jahr 1648. Die Organisation der R\u00e4ume zeigt ein\u00a0 &#8230;<\/span><\/p>\n<p>[\/dsm_card_carousel_child][dsm_card_carousel_child module_class=&#8220;popmake-271&#8243; title=&#8220;HOTEL WALDHAUS AM SEE&#8220; subtitle=&#8220; ST.MORITZ&#8220; image=&#8220;https:\/\/archpose.bszserver.ch\/wp-content\/uploads\/2026\/05\/architekt_architekten_poltera_start_7-1200&#215;683.jpg.jpeg&#8220; image_background_height=&#8220;360px&#8220; button_url_new_window=&#8220;1&#8243; image_background_height_tablet=&#8220;360px&#8220; image_background_height_phone=&#8220;360px&#8220; image_background_height_last_edited=&#8220;on|desktop&#8220; _builder_version=&#8220;4.27.6&#8243; _module_preset=&#8220;default&#8220; badge_text_color=&#8220;gcid-primary-color&#8220; badge_font_size=&#8220;16px&#8220; subhead_text_color=&#8220;gcid-primary-color&#8220; custom_button=&#8220;on&#8220; button_text_size=&#8220;14px&#8220; button_custom_margin_tablet=&#8220;&#8220; button_custom_margin_phone=&#8220;&#8220; button_custom_margin_last_edited=&#8220;on|desktop&#8220; button_custom_padding=&#8220;||0px||false|false&#8220; button_custom_padding_tablet=&#8220;||0px||false|false&#8220; button_custom_padding_phone=&#8220;||0px||false|false&#8220; button_custom_padding_last_edited=&#8220;on|desktop&#8220; badge_font_size_tablet=&#8220;16px&#8220; badge_font_size_phone=&#8220;16px&#8220; badge_font_size_last_edited=&#8220;on|desktop&#8220; global_colors_info=&#8220;{%22gcid-primary-color%22:%91%22badge_text_color%22,%22subhead_text_color%22%93}&#8220; parent_button=&#8220;off&#8220; parent_header_level=&#8220;h4&#8243;]<\/p>\n<p><span>Seit 1985 durften wir das Hotel bei den verschiedensten Arbeiten begleiten. Die prominente Lage vom Waldhaus &#8230;\u00a0<\/span><\/p>\n<p>[\/dsm_card_carousel_child][dsm_card_carousel_child module_class=&#8220;popmake-351&#8243; title=&#8220;CORVIGLIA BERGSTATION&#8220; subtitle=&#8220;ST. MORITZ&#8220; image=&#8220;https:\/\/archpose.bszserver.ch\/wp-content\/uploads\/2026\/05\/architekt_architekten_poltera_projekte_bergstation_corviglia_1_sw-600&#215;262.jpg-1.jpeg&#8220; image_background_height=&#8220;360px&#8220; button_url_new_window=&#8220;1&#8243; image_background_height_tablet=&#8220;360px&#8220; image_background_height_phone=&#8220;360px&#8220; image_background_height_last_edited=&#8220;on|desktop&#8220; _builder_version=&#8220;4.27.6&#8243; _module_preset=&#8220;default&#8220; badge_text_color=&#8220;gcid-primary-color&#8220; badge_font_size=&#8220;16px&#8220; subhead_text_color=&#8220;gcid-primary-color&#8220; custom_button=&#8220;on&#8220; button_text_size=&#8220;14px&#8220; button_alignment=&#8220;left&#8220; button_custom_margin=&#8220;||||false|false&#8220; button_custom_margin_tablet=&#8220;||||false|false&#8220; button_custom_margin_phone=&#8220;||||false|false&#8220; button_custom_margin_last_edited=&#8220;on|desktop&#8220; button_custom_padding=&#8220;||0px||false|false&#8220; button_custom_padding_tablet=&#8220;||0px||false|false&#8220; button_custom_padding_phone=&#8220;||0px||false|false&#8220; button_custom_padding_last_edited=&#8220;on|desktop&#8220; badge_font_size_tablet=&#8220;16px&#8220; badge_font_size_phone=&#8220;16px&#8220; badge_font_size_last_edited=&#8220;on|desktop&#8220; button_text_size_tablet=&#8220;14px&#8220; button_text_size_phone=&#8220;14px&#8220; button_text_size_last_edited=&#8220;on|desktop&#8220; button_alignment_tablet=&#8220;left&#8220; button_alignment_phone=&#8220;left&#8220; button_alignment_last_edited=&#8220;on|desktop&#8220; global_colors_info=&#8220;{%22gcid-primary-color%22:%91%22badge_text_color%22,%22subhead_text_color%22%93}&#8220; parent_button=&#8220;off&#8220; parent_header_level=&#8220;h4&#8243;]<\/p>\n<p>Mit der gelben Einfassung des auskragenden unteren Restaurants \u00abMarmite\u00bb ist die Bergstation Corviglia St. Moritz ein &#8230;<\/p>\n<p>[\/dsm_card_carousel_child][dsm_card_carousel_child module_class=&#8220;popmake-335&#8243; title=&#8220;CORVIGLIA CLUB &#8220; subtitle=&#8220;ST. MORITZ&#8220; image=&#8220;https:\/\/archpose.bszserver.ch\/wp-content\/uploads\/2026\/05\/architekt_architekten_poltera_projekte_corviglia_club_7-600&#215;232.jpg.jpeg&#8220; image_background_height=&#8220;360px&#8220; button_url_new_window=&#8220;1&#8243; image_background_height_tablet=&#8220;360px&#8220; image_background_height_phone=&#8220;360px&#8220; image_background_height_last_edited=&#8220;on|desktop&#8220; _builder_version=&#8220;4.27.6&#8243; _module_preset=&#8220;default&#8220; badge_text_color=&#8220;gcid-primary-color&#8220; badge_font_size=&#8220;14px&#8220; subhead_text_color=&#8220;gcid-primary-color&#8220; custom_button=&#8220;on&#8220; button_text_size=&#8220;14px&#8220; button_custom_margin_tablet=&#8220;&#8220; button_custom_margin_phone=&#8220;&#8220; button_custom_margin_last_edited=&#8220;on|desktop&#8220; button_custom_padding=&#8220;||0px||false|false&#8220; button_custom_padding_tablet=&#8220;||0px||false|false&#8220; button_custom_padding_phone=&#8220;||0px||false|false&#8220; button_custom_padding_last_edited=&#8220;on|desktop&#8220; badge_font_size_tablet=&#8220;14px&#8220; badge_font_size_phone=&#8220;14px&#8220; badge_font_size_last_edited=&#8220;on|desktop&#8220; global_colors_info=&#8220;{%22gcid-primary-color%22:%91%22badge_text_color%22,%22subhead_text_color%22%93}&#8220; parent_button=&#8220;off&#8220; parent_header_level=&#8220;h4&#8243;]<\/p>\n<p><span>Der traditionsreiche Corviglia Club liegt neben der Bergstation Corviglia in St. Moritz auf 2486 m \u00fc. M. Um den Mitgliedern &#8230;<\/span><\/p>\n<p>[\/dsm_card_carousel_child][\/dsm_card_carousel][dsm_card_carousel lazyload=&#8220;on&#8220; centered_slides=&#8220;on&#8220; slide_to_show=&#8220;5&#8243; autoplay=&#8220;off&#8220; _builder_version=&#8220;4.27.6&#8243; _module_preset=&#8220;default&#8220; badge_font_size=&#8220;16px&#8220; header_font=&#8220;|600|||||||&#8220; header_font_size=&#8220;22px&#8220; custom_margin=&#8220;60px||60px||true|false&#8220; badge_font_size_tablet=&#8220;16px&#8220; badge_font_size_phone=&#8220;16px&#8220; badge_font_size_last_edited=&#8220;on|desktop&#8220; header_font_size_tablet=&#8220;22px&#8220; header_font_size_phone=&#8220;22px&#8220; header_font_size_last_edited=&#8220;on|desktop&#8220; global_colors_info=&#8220;{}&#8220;][dsm_card_carousel_child module_class=&#8220;popmake-436&#8243; title=&#8220;TALVO PERINI&#8220; subtitle=&#8220;MADULAIN&#8220; image=&#8220;https:\/\/archpose.bszserver.ch\/wp-content\/uploads\/2026\/05\/architekt_architekten_poltera_projekte_talvo_perini_9-600&#215;303.jpg.jpeg&#8220; image_background_height=&#8220;360px&#8220; button_url_new_window=&#8220;1&#8243; image_background_height_tablet=&#8220;360px&#8220; image_background_height_phone=&#8220;360px&#8220; image_background_height_last_edited=&#8220;on|desktop&#8220; _builder_version=&#8220;4.27.6&#8243; _module_preset=&#8220;default&#8220; badge_text_color=&#8220;gcid-primary-color&#8220; subhead_text_color=&#8220;gcid-primary-color&#8220; custom_button=&#8220;on&#8220; button_text_size=&#8220;14px&#8220; button_custom_margin_tablet=&#8220;&#8220; button_custom_margin_phone=&#8220;&#8220; button_custom_margin_last_edited=&#8220;on|desktop&#8220; button_custom_padding=&#8220;||0px||false|false&#8220; button_custom_padding_tablet=&#8220;||0px||false|false&#8220; button_custom_padding_phone=&#8220;||0px||false|false&#8220; button_custom_padding_last_edited=&#8220;on|desktop&#8220; global_colors_info=&#8220;{%22gcid-primary-color%22:%91%22badge_text_color%22,%22subhead_text_color%22%93}&#8220; parent_button=&#8220;off&#8220; parent_header_level=&#8220;h4&#8243;]<\/p>\n<p><span>Angegliedert an die Chesa Perini konnte der Talvo \u00fcber zwei einfache T\u00fcren direkt von der Chesa Perini erschlossen werden. Die klassische &#8230;<\/span><\/p>\n<p>[\/dsm_card_carousel_child][dsm_card_carousel_child module_class=&#8220;popmake-389&#8243; title=&#8220;BLAUNCA SILS&#8220; subtitle=&#8220;BLAUNCA&#8220; image=&#8220;https:\/\/archpose.bszserver.ch\/wp-content\/uploads\/2026\/05\/architekt_architekten_poltera_projekte_blaunca_2-600&#215;228.jpg-1.jpeg&#8220; image_background_height=&#8220;360px&#8220; button_url_new_window=&#8220;1&#8243; image_background_height_tablet=&#8220;360px&#8220; image_background_height_phone=&#8220;360px&#8220; image_background_height_last_edited=&#8220;on|desktop&#8220; _builder_version=&#8220;4.27.6&#8243; _module_preset=&#8220;default&#8220; badge_text_color=&#8220;gcid-primary-color&#8220; subhead_text_color=&#8220;gcid-primary-color&#8220; custom_button=&#8220;on&#8220; button_text_size=&#8220;14px&#8220; button_custom_margin_tablet=&#8220;&#8220; button_custom_margin_phone=&#8220;&#8220; button_custom_margin_last_edited=&#8220;on|desktop&#8220; button_custom_padding=&#8220;||0px||false|false&#8220; button_custom_padding_tablet=&#8220;||0px||false|false&#8220; button_custom_padding_phone=&#8220;||0px||false|false&#8220; button_custom_padding_last_edited=&#8220;on|desktop&#8220; global_colors_info=&#8220;{%22gcid-primary-color%22:%91%22badge_text_color%22,%22subhead_text_color%22%93}&#8220; parent_button=&#8220;off&#8220; parent_header_level=&#8220;h4&#8243;]<\/p>\n<p><span>Die beiden ehemaligen Stallungen sind Teil der Alp Blaunca, die oberhalb vom Silsersee auf 2040 m \u00fc. M. liegt.<\/span><\/p>\n<p>[\/dsm_card_carousel_child][dsm_card_carousel_child module_class=&#8220;popmake-400&#8243; title=&#8220;CITY HAUS&#8220; subtitle=&#8220;ST. MORITZ&#8220; image=&#8220;https:\/\/archpose.bszserver.ch\/wp-content\/uploads\/2026\/05\/architekt_architekten_poltera_start_3-600&#215;356.jpg.jpeg&#8220; image_background_height=&#8220;360px&#8220; button_url_new_window=&#8220;1&#8243; image_background_height_tablet=&#8220;360px&#8220; image_background_height_phone=&#8220;360px&#8220; image_background_height_last_edited=&#8220;on|desktop&#8220; _builder_version=&#8220;4.27.6&#8243; _module_preset=&#8220;default&#8220; badge_text_color=&#8220;gcid-primary-color&#8220; subhead_text_color=&#8220;gcid-primary-color&#8220; custom_button=&#8220;on&#8220; button_text_size=&#8220;14px&#8220; button_custom_margin_tablet=&#8220;&#8220; button_custom_margin_phone=&#8220;&#8220; button_custom_margin_last_edited=&#8220;on|desktop&#8220; button_custom_padding=&#8220;||0px||false|false&#8220; button_custom_padding_tablet=&#8220;||0px||false|false&#8220; button_custom_padding_phone=&#8220;||0px||false|false&#8220; button_custom_padding_last_edited=&#8220;on|desktop&#8220; global_colors_info=&#8220;{%22gcid-primary-color%22:%91%22badge_text_color%22,%22subhead_text_color%22%93}&#8220; parent_button=&#8220;off&#8220; parent_header_level=&#8220;h4&#8243;]<\/p>\n<p><span>An prominenter Lage in Mitten der Fussg\u00e4ngerzone in St. Moritz Dorf pr\u00e4sentiert sich das City Haus als st\u00e4dtisches Geb\u00e4ude.\u00a0<\/span><\/p>\n<p>[\/dsm_card_carousel_child][dsm_card_carousel_child module_class=&#8220;popmake-412&#8243; title=&#8220;STALLA CAPELL&#8220; subtitle=&#8220;SILS FEX&#8220; image=&#8220;https:\/\/archpose.bszserver.ch\/wp-content\/uploads\/2026\/05\/architekt_architekten_poltera_start_9-600&#215;305.jpg.jpeg&#8220; image_background_height=&#8220;360px&#8220; button_url_new_window=&#8220;1&#8243; image_background_height_tablet=&#8220;360px&#8220; image_background_height_phone=&#8220;360px&#8220; image_background_height_last_edited=&#8220;on|desktop&#8220; _builder_version=&#8220;4.27.6&#8243; _module_preset=&#8220;default&#8220; badge_text_color=&#8220;gcid-primary-color&#8220; subhead_text_color=&#8220;gcid-primary-color&#8220; custom_button=&#8220;on&#8220; button_text_size=&#8220;14px&#8220; button_custom_margin_tablet=&#8220;&#8220; button_custom_margin_phone=&#8220;&#8220; button_custom_margin_last_edited=&#8220;on|desktop&#8220; button_custom_padding=&#8220;||0px||false|false&#8220; button_custom_padding_tablet=&#8220;||0px||false|false&#8220; button_custom_padding_phone=&#8220;||0px||false|false&#8220; button_custom_padding_last_edited=&#8220;on|desktop&#8220; global_colors_info=&#8220;{%22gcid-primary-color%22:%91%22badge_text_color%22,%22subhead_text_color%22%93}&#8220; parent_button=&#8220;off&#8220; parent_header_level=&#8220;h4&#8243;]<\/p>\n<p><span>Der ehemalige Stall wurde 1974 zum Wohnhaus ausgebaut. Die kleinteilige Grundrissaufteilung, sowie die sp\u00e4rliche &#8230;<\/span><\/p>\n<p>[\/dsm_card_carousel_child][dsm_card_carousel_child module_class=&#8220;popmake-425&#8243; title=&#8220;CHESA PERINI&#8220; subtitle=&#8220;MADULAIN&#8220; image=&#8220;https:\/\/archpose.bszserver.ch\/wp-content\/uploads\/2026\/05\/architekt_architekten_poltera_projekte_chesa_perini_0-600&#215;255.jpg.jpeg&#8220; image_background_height=&#8220;360px&#8220; button_url_new_window=&#8220;1&#8243; image_background_height_tablet=&#8220;360px&#8220; image_background_height_phone=&#8220;360px&#8220; image_background_height_last_edited=&#8220;on|desktop&#8220; _builder_version=&#8220;4.27.6&#8243; _module_preset=&#8220;default&#8220; badge_text_color=&#8220;gcid-primary-color&#8220; subhead_text_color=&#8220;gcid-primary-color&#8220; custom_button=&#8220;on&#8220; button_text_size=&#8220;14px&#8220; button_custom_margin_tablet=&#8220;&#8220; button_custom_margin_phone=&#8220;&#8220; button_custom_margin_last_edited=&#8220;on|desktop&#8220; button_custom_padding=&#8220;||0px||false|false&#8220; button_custom_padding_tablet=&#8220;||0px||false|false&#8220; button_custom_padding_phone=&#8220;||0px||false|false&#8220; button_custom_padding_last_edited=&#8220;on|desktop&#8220; global_colors_info=&#8220;{%22gcid-primary-color%22:%91%22badge_text_color%22,%22subhead_text_color%22%93}&#8220; parent_button=&#8220;off&#8220; parent_header_level=&#8220;h4&#8243;]<\/p>\n<p><span>An zentraler Lage, im alten Dorfkern von Madulain, steht das sch\u00fctzenswerte Objekt Chesa Perini. Die Struktur und die Aufteilung der &#8230;<\/span><\/p>\n<p>[\/dsm_card_carousel_child][\/dsm_card_carousel][\/et_pb_column][\/et_pb_row][\/et_pb_section]<\/p>\n","protected":false},"excerpt":{"rendered":"<p>Orte mit Charakter.Architektur zwischen Tradition,Materialit\u00e4t und alpiner Ruhe.PROJEKTE<div class=\"et_pb_module dsm_card_carousel dsm_card_carousel_0 dsm_card_carousel_layout_stacked  dsm_card_carousel_arrow_outside dsm_card_carousel_arrow_mobile_inside\">\n\t\t\t\t\n\t\t\t\t\n\t\t\t\t\n\t\t\t\t\n\t\t\t\t\n\t\t\t\t\n\t\t\t\t<div class=\"et_pb_module_inner\">\n\t\t\t\t\t\n\t\t\t\n\t\t\t<div class=\"swiper-container dsm_card_carousel_wrapper\" dir=\"ltr\" data-params=\"[{&quot;direction&quot;:&quot;horizontal&quot;,&quot;effect&quot;:&quot;default&quot;,&quot;slider_effect_shadows&quot;:false,&quot;slider_effect_coverflow_rotate&quot;:&quot;30&quot;,&quot;slider_effect_coverflow_depth&quot;:&quot;0&quot;,&quot;loop&quot;:true,&quot;infinite_smooth_scrolling&quot;:false,&quot;slide_to_show&quot;:&quot;5&quot;,&quot;slide_to_show_tablet&quot;:&quot;1&quot;,&quot;slide_to_show_phone&quot;:&quot;1&quot;,&quot;slide_to_scroll&quot;:&quot;1&quot;,&quot;slide_to_scroll_tablet&quot;:&quot;1&quot;,&quot;slide_to_scroll_phone&quot;:&quot;1&quot;,&quot;space_between&quot;:&quot;15&quot;,&quot;space_between_tablet&quot;:&quot;15&quot;,&quot;space_between_phone&quot;:&quot;15&quot;,&quot;centered_slides&quot;:true,&quot;multiple_slide_row&quot;:&quot;off&quot;,&quot;slide_row&quot;:&quot;1&quot;,&quot;slide_row_tablet&quot;:&quot;1&quot;,&quot;slide_row_phone&quot;:&quot;1&quot;,&quot;speed&quot;:&quot;300&quot;,&quot;autoplay&quot;:false,&quot;autoplay_speed&quot;:&quot;3000&quot;,&quot;autoplay_viewport&quot;:&quot;&quot;,&quot;touch_move&quot;:true,&quot;grab&quot;:true,&quot;pause_on_hover&quot;:false,&quot;mousewheel&quot;:false,&quot;auto_height&quot;:false,&quot;equal_height&quot;:false,&quot;equal_height_tablet&quot;:true,&quot;equal_height_phone&quot;:true}]\">\n\t\t\t<div class=\"swiper-wrapper\"><\/div>\n\t\t\t<\/div><div class=\"swiper-button-prev dsm_card_carousel_arrow\" data-icon=\"4\"><\/div><div class=\"swiper-button-next dsm_card_carousel_arrow\" data-icon=\"5\"><\/div><div class=\"swiper-pagination dsm_card_carousel_pagination\"><\/div>\n\t\t\t\t<\/div>\n\t\t\t<\/div><div class=\"dsm_card_carousel_child dsm_card_carousel_child_0 popmake-197 swiper-slide\">\n\t\t\t\t\n\t\t\t\t\n\t\t\t\t\n\t\t\t\t\n\t\t\t\t\n\t\t\t\t\n\t\t\t\t<div class=\"et_pb_module_inner\">\n\t\t\t\t\t\n\t\t\t\n\t\t\t<figure class=\"dsm_card_carousel_child_image_wrapper dsm_card_carousel_child_badge_top_right\"><div class=\"dsm_card_carousel_child_image_background dsm_card_carousel_child_img\"><\/div><\/figure>\n\t\t\t<div class=\"dsm_card_wrapper et_pb_text_align_left et_pb_bg_layout_light\">\n\t\t\t\t\t<h4 class=\"dsm_card_title et_pb_module_header\">CHESA MANDALA <\/h4>\n\t\t\t\t\t<div class=\"dsm_card_carousel_child_subtitle\">CELERINA<\/div>\n\t\t\t\t\t<div class=\"dsm_card_carousel_child_description\"> Die Chesa Mandala ist das erste von sechs H\u00e4usern, die zur \u00dcberbauung \u00abPal\u00fcds suot Crasta\u00bb geh\u00f6rt. Die Bauherrschaft, &#8230; <\/div>\n\t\t\t\t\t\n\t\t\t\t<\/div>\n\t\t\t\t<\/div>\n\t\t\t<\/div><div class=\"dsm_card_carousel_child dsm_card_carousel_child_1 popmake-242 swiper-slide\">\n\t\t\t\t\n\t\t\t\t\n\t\t\t\t\n\t\t\t\t\n\t\t\t\t\n\t\t\t\t\n\t\t\t\t<div class=\"et_pb_module_inner\">\n\t\t\t\t\t\n\t\t\t\n\t\t\t<figure class=\"dsm_card_carousel_child_image_wrapper dsm_card_carousel_child_badge_top_right\"><div class=\"dsm_card_carousel_child_image_background dsm_card_carousel_child_img\"><\/div><\/figure>\n\t\t\t<div class=\"dsm_card_wrapper et_pb_text_align_left et_pb_bg_layout_light\">\n\t\t\t\t\t<h4 class=\"dsm_card_title et_pb_module_header\">CHESA ANTICA <\/h4>\n\t\t\t\t\t<div class=\"dsm_card_carousel_child_subtitle\">CELERINA <\/div>\n\t\t\t\t\t<div class=\"dsm_card_carousel_child_description\">Das denkmalgesch\u00fctzte Objekt liegt im alten Dorf Teil Celerina Crasta und stammt aus dem Jahr 1648. Die Organisation der R\u00e4ume zeigt ein\u00a0 &#8230;<\/div>\n\t\t\t\t\t\n\t\t\t\t<\/div>\n\t\t\t\t<\/div>\n\t\t\t<\/div><div class=\"dsm_card_carousel_child dsm_card_carousel_child_2 popmake-271 swiper-slide\">\n\t\t\t\t\n\t\t\t\t\n\t\t\t\t\n\t\t\t\t\n\t\t\t\t\n\t\t\t\t\n\t\t\t\t<div class=\"et_pb_module_inner\">\n\t\t\t\t\t\n\t\t\t\n\t\t\t<figure class=\"dsm_card_carousel_child_image_wrapper dsm_card_carousel_child_badge_top_right\"><div class=\"dsm_card_carousel_child_image_background dsm_card_carousel_child_img\"><\/div><\/figure>\n\t\t\t<div class=\"dsm_card_wrapper et_pb_text_align_left et_pb_bg_layout_light\">\n\t\t\t\t\t<h4 class=\"dsm_card_title et_pb_module_header\">HOTEL WALDHAUS AM SEE<\/h4>\n\t\t\t\t\t<div class=\"dsm_card_carousel_child_subtitle\"> ST.MORITZ<\/div>\n\t\t\t\t\t<div class=\"dsm_card_carousel_child_description\">Seit 1985 durften wir das Hotel bei den verschiedensten Arbeiten begleiten. Die prominente Lage vom Waldhaus &#8230;\u00a0<\/div>\n\t\t\t\t\t\n\t\t\t\t<\/div>\n\t\t\t\t<\/div>\n\t\t\t<\/div><div class=\"dsm_card_carousel_child dsm_card_carousel_child_3 &#8220;popmake-351&#8243; swiper-slide\">\n\t\t\t\t\n\t\t\t\t\n\t\t\t\t\n\t\t\t\t\n\t\t\t\t\n\t\t\t\t\n\t\t\t\t<div class=\"et_pb_module_inner\">\n\t\t\t\t\t\n\t\t\t\n\t\t\t\n\t\t\t<div class=\"dsm_card_wrapper et_pb_text_align_left et_pb_bg_layout_light\">\n\t\t\t\t\t<h4 class=\"dsm_card_title et_pb_module_header\">&#8220;CORVIGLIA<\/h4>\n\t\t\t\t\t\n\t\t\t\t\t\n\t\t\t\t\t\n\t\t\t\t<\/div>\n\t\t\t\t<\/div>\n\t\t\t<\/div><\/p>\n","protected":false},"author":1,"featured_media":0,"parent":0,"menu_order":0,"comment_status":"closed","ping_status":"closed","template":"","meta":{"_et_pb_use_builder":"on","_et_pb_old_content":"","_et_gb_content_width":"","footnotes":""},"class_list":["post-468","page","type-page","status-publish","hentry"],"_links":{"self":[{"href":"https:\/\/archpose.bszserver.ch\/it\/wp-json\/wp\/v2\/pages\/468","targetHints":{"allow":["GET"]}}],"collection":[{"href":"https:\/\/archpose.bszserver.ch\/it\/wp-json\/wp\/v2\/pages"}],"about":[{"href":"https:\/\/archpose.bszserver.ch\/it\/wp-json\/wp\/v2\/types\/page"}],"author":[{"embeddable":true,"href":"https:\/\/archpose.bszserver.ch\/it\/wp-json\/wp\/v2\/users\/1"}],"replies":[{"embeddable":true,"href":"https:\/\/archpose.bszserver.ch\/it\/wp-json\/wp\/v2\/comments?post=468"}],"version-history":[{"count":46,"href":"https:\/\/archpose.bszserver.ch\/it\/wp-json\/wp\/v2\/pages\/468\/revisions"}],"predecessor-version":[{"id":1126,"href":"https:\/\/archpose.bszserver.ch\/it\/wp-json\/wp\/v2\/pages\/468\/revisions\/1126"}],"wp:attachment":[{"href":"https:\/\/archpose.bszserver.ch\/it\/wp-json\/wp\/v2\/media?parent=468"}],"curies":[{"name":"wp","href":"https:\/\/api.w.org\/{rel}","templated":true}]}}